{"id":2148,"date":"2023-10-24T10:42:16","date_gmt":"2023-10-24T08:42:16","guid":{"rendered":"https:\/\/saycom.poush-dev.be\/mobilier-sur-mesure\/"},"modified":"2024-06-03T16:27:49","modified_gmt":"2024-06-03T14:27:49","slug":"meubels-op-maat","status":"publish","type":"page","link":"https:\/\/www.saycom.be\/nl\/meubels-op-maat\/","title":{"rendered":"Meubels op maat"},"content":{"rendered":"<p>[et_pb_section fb_built=&#8221;1&#8243; custom_padding_last_edited=&#8221;on|phone&#8221; _builder_version=&#8221;4.23.1&#8243; _module_preset=&#8221;default&#8221; background_enable_color=&#8221;off&#8221; use_background_color_gradient=&#8221;on&#8221; background_color_gradient_stops=&#8221;rgba(0,0,0,0.45) 0%|rgba(0,0,0,0.59) 100%&#8221; background_color_gradient_overlays_image=&#8221;on&#8221; background_image=&#8221;https:\/\/www.saycom.be\/wp-content\/uploads\/2023\/11\/Saycom-Mobilier_sur_mesure-header.jpg&#8221; parallax=&#8221;on&#8221; width=&#8221;100%&#8221; custom_padding=&#8221;220px||||false|false&#8221; custom_padding_tablet=&#8221;120px||||false|false&#8221; custom_padding_phone=&#8221;90px||||false|false&#8221; filter_hue_rotate=&#8221;5deg&#8221; filter_saturate=&#8221;79%&#8221; filter_brightness=&#8221;122%&#8221; filter_contrast=&#8221;113%&#8221; background_last_edited=&#8221;off|tablet&#8221; use_background_color_gradient_tablet=&#8221;on&#8221; use_background_color_gradient_phone=&#8221;on&#8221; background_color_gradient_stops_tablet=&#8221;rgba(0,0,0,0.14) 0%|rgba(0,0,0,0.85) 100%&#8221; background_color_gradient_stops_phone=&#8221;rgba(0,0,0,0.51) 0%|rgba(0,0,0,0.94) 99%&#8221; background_image_tablet=&#8221;https:\/\/www.saycom.be\/wp-content\/uploads\/2023\/11\/Saycom-Homepage-Header-4.jpg&#8221; background_image_phone=&#8221;https:\/\/www.saycom.be\/wp-content\/uploads\/2023\/11\/Saycom-Homepage-Header-4.jpg&#8221; background_enable_image_tablet=&#8221;on&#8221; background_enable_image_phone=&#8221;on&#8221; parallax_phone=&#8221;off&#8221; parallax_method_tablet=&#8221;on&#8221; background_size_phone=&#8221;cover&#8221; background_position_phone=&#8221;top_center&#8221; background_horizontal_offset_phone=&#8221;19%&#8221; background_vertical_offset_phone=&#8221;1%&#8221; background_blend_phone=&#8221;normal&#8221; custom_css_main_element=&#8221;display:flex;||align-items:flex-end;&#8221; custom_css_after=&#8221;animation: grain 8s steps(10) infinite;||background-image: url(\/wp-content\/uploads\/2023\/10\/grain.jpg);||content: %22%22;||height: 300%;||left: -50%;||opacity: 0.2;||position: absolute;||top: -110%;||width: 300%;||mix-blend-mode: overlay;||z-index: 0;&#8221; global_colors_info=&#8221;{}&#8221;][et_pb_row make_equal=&#8221;on&#8221; _builder_version=&#8221;4.23.1&#8243; _module_preset=&#8221;default&#8221; z_index=&#8221;441&#8243; min_height_last_edited=&#8221;off|phone&#8221; custom_margin=&#8221;||0px||false|false&#8221; custom_padding=&#8221;70px|6vw|151px|6vw|false|true&#8221; custom_padding_phone=&#8221;|8vw|100px|8vw|false|true&#8221; custom_css_main_element=&#8221;margin-top: auto;&#8221; global_colors_info=&#8221;{}&#8221; custom_css_main_element_last_edited=&#8221;on|phone&#8221; custom_css_main_element_tablet=&#8221;margin-top: auto;&#8221; custom_css_main_element_phone=&#8221;margin-top: auto;&#8221;][et_pb_column type=&#8221;4_4&#8243; _builder_version=&#8221;4.23&#8243; _module_preset=&#8221;default&#8221; custom_css_main_element=&#8221;display: flex;||flex-direction: column;||&#8221; global_colors_info=&#8221;{}&#8221;][et_pb_text admin_label=&#8221;Text&#8221; _builder_version=&#8221;4.24.2&#8243; _module_preset=&#8221;default&#8221; header_font=&#8221;Roboto-Regular|700|||||||&#8221; background_size=&#8221;initial&#8221; background_position=&#8221;top_left&#8221; background_repeat=&#8221;repeat&#8221; background_layout=&#8221;dark&#8221; max_width=&#8221;720px&#8221; custom_margin=&#8221;||30px||false|false&#8221; custom_margin_tablet=&#8221;||||false|false&#8221; custom_margin_phone=&#8221;0vw||20px||false|false&#8221; custom_margin_last_edited=&#8221;on|tablet&#8221; animation_style=&#8221;slide&#8221; animation_direction=&#8221;left&#8221; animation_duration=&#8221;1500ms&#8221;]<\/p>\n<h1>Uw commercieel meubilair op maat<\/h1>\n<p>[\/et_pb_text][et_pb_text _builder_version=&#8221;4.24.2&#8243; _module_preset=&#8221;default&#8221; link_font=&#8221;Roboto-Bold||||on||||&#8221; link_text_color=&#8221;gcid-9e7dedbe-bb3d-40de-af19-9132d7925247&#8243; background_layout=&#8221;dark&#8221; max_width=&#8221;697px&#8221; custom_margin=&#8221;||40px||false|false&#8221; animation_style=&#8221;slide&#8221; animation_direction=&#8221;left&#8221; animation_duration=&#8221;1500ms&#8221; animation_delay=&#8221;250ms&#8221; global_colors_info=&#8221;{%22gcid-9e7dedbe-bb3d-40de-af19-9132d7925247%22:%91%22link_text_color%22%93}&#8221;]<\/p>\n<p><strong>Kies toonbanken en meubilair op maat om je producten te presenteren op het verkooppunt of in je showroom!<\/strong><\/p>\n<p>Net als je <a href=\"https:\/\/www.saycom.be\/nl\/displays-pos-reclame\/\">displays<\/a>, helpt het <strong>winkelmeubilair om <\/strong>je koopwaar en je werk te laten zien, waardoor ze opgemerkt worden door<strong> je klanten<\/strong>.<\/p>\n<p>Of het nu gaat om een unieke <strong>verkoopbalie<\/strong>, een serie meubels of de complete<a href=\"\/nl\/winkelinrichting\/\"><strong> inrichting van uw point of sale<\/strong><\/a>, Saycom onderscheidt zich door uw idee\u00ebn te realiseren!<\/p>\n<p>[\/et_pb_text][et_pb_button button_url=&#8221;#mobilier&#8221; button_text=&#8221;Ontdek ons meubilair op maat&#8221; _builder_version=&#8221;4.24.2&#8243; _module_preset=&#8221;default&#8221; animation_style=&#8221;slide&#8221; animation_direction=&#8221;left&#8221; animation_duration=&#8221;1500ms&#8221; animation_delay=&#8221;500ms&#8221; global_colors_info=&#8221;{}&#8221;][\/et_pb_button][\/et_pb_column][\/et_pb_row][\/et_pb_section][et_pb_section fb_built=&#8221;1&#8243; _builder_version=&#8221;4.23.4&#8243; _module_preset=&#8221;default&#8221; background_color=&#8221;#FFFFFF&#8221; min_height=&#8221;100vh&#8221; custom_margin=&#8221;-50px||0px||false|false&#8221; custom_padding=&#8221;8vw||0px||false|false&#8221; scroll_vertical_motion=&#8221;0|50|50|100|1|0|-1&#8243; border_radii=&#8221;off|50px|50px||&#8221; global_colors_info=&#8221;{}&#8221;][et_pb_row column_structure=&#8221;1_2,1_2&#8243; _builder_version=&#8221;4.23.1&#8243; _module_preset=&#8221;default&#8221; background_enable_color=&#8221;off&#8221; custom_padding=&#8221;0vw|6vw|10vw|6vw|false|true&#8221; custom_padding_tablet=&#8221;||130px||false|true&#8221; custom_padding_phone=&#8221;20px|8vw|130px|8vw|false|true&#8221; custom_css_main_element=&#8221;display: flex; ||align-items: center;&#8221; global_colors_info=&#8221;{%22gcid-9e7dedbe-bb3d-40de-af19-9132d7925247%22:%91%22background_color%22%93}&#8221; custom_css_main_element_last_edited=&#8221;on|tablet&#8221; custom_css_main_element_tablet=&#8221;display: flex; ||flex-direction: column;&#8221; custom_css_main_element_phone=&#8221;display: flex; ||flex-direction: column;&#8221;][et_pb_column type=&#8221;1_2&#8243; _builder_version=&#8221;4.23&#8243; _module_preset=&#8221;default&#8221; global_colors_info=&#8221;{}&#8221;][et_pb_text _builder_version=&#8221;4.24.2&#8243; _module_preset=&#8221;f129f48c-7180-4587-a549-e161e75bd9e5&#8243; custom_margin=&#8221;0px||1px||false|false&#8221; text_orientation_tablet=&#8221;center&#8221; text_orientation_phone=&#8221;center&#8221; text_orientation_last_edited=&#8221;on|phone&#8221; global_colors_info=&#8221;{}&#8221;]<\/p>\n<p>Welkom in de wereld van <strong>Saycom commercieel meubilair<\/strong>, waar <strong>elegantie en functionaliteit samengebracht worden<\/strong> om <strong>uitzonderlijke commerci\u00eble ruimtes<\/strong> te cre\u00ebren!<\/p>\n<p><span>\u00a0<\/span><\/p>\n<p>[\/et_pb_text][\/et_pb_column][et_pb_column type=&#8221;1_2&#8243; _builder_version=&#8221;4.23&#8243; _module_preset=&#8221;default&#8221; global_colors_info=&#8221;{}&#8221;][et_pb_button button_url=&#8221;@ET-DC@eyJkeW5hbWljIjp0cnVlLCJjb250ZW50IjoicG9zdF9saW5rX3VybF9wYWdlIiwic2V0dGluZ3MiOnsicG9zdF9pZCI6IjgwIn19@&#8221; button_text=&#8221;Daag ons uit!&#8221; button_alignment_tablet=&#8221;&#8221; button_alignment_phone=&#8221;center&#8221; button_alignment_last_edited=&#8221;on|phone&#8221; _builder_version=&#8221;4.24.2&#8243; _dynamic_attributes=&#8221;button_url&#8221; _module_preset=&#8221;f5476525-2eb3-4819-8a92-207202327c28&#8243; button_text_color=&#8221;#FFFFFF&#8221; button_bg_color=&#8221;gcid-9e7dedbe-bb3d-40de-af19-9132d7925247&#8243; button_border_width=&#8221;0px&#8221; button_border_color=&#8221;#E02B20&#8243; custom_margin=&#8221;||||false|false&#8221; global_colors_info=&#8221;{%22gcid-9e7dedbe-bb3d-40de-af19-9132d7925247%22:%91%22button_border_color%22,%22button_border_color%22,%22button_bg_color%22%93,%22gcid-f56ef94f-6c2a-4734-9e13-193fb546d888%22:%91%22button_bg_color%22,%22button_bg_color%22,%22button_bg_color%22%93,%22gcid-02eea4c1-992a-4bff-aee2-539b98054199%22:%91%22button_text_color%22,%22button_text_color%22,%22button_bg_color__hover%22%93}&#8221; button_text_color__hover_enabled=&#8221;on|desktop&#8221; button_bg_color__hover=&#8221;#191919&#8243; button_bg_enable_color__hover=&#8221;on&#8221; button_text_color__hover=&#8221;#FFFFFF&#8221;][\/et_pb_button][\/et_pb_column][\/et_pb_row][et_pb_row column_structure=&#8221;1_2,1_2&#8243; _builder_version=&#8221;4.23.1&#8243; _module_preset=&#8221;default&#8221; background_color=&#8221;gcid-f56ef94f-6c2a-4734-9e13-193fb546d888&#8243; background_image=&#8221;https:\/\/www.saycom.be\/wp-content\/uploads\/2023\/12\/Saycom-Logo-logotype-transparent.svg&#8221; max_width=&#8221;2560px&#8221; custom_margin=&#8221;-50px||||false|false&#8221; custom_padding=&#8221;8vw|6vw|10vw|6vw|false|true&#8221; custom_padding_phone=&#8221;60px|8vw|80px|8vw|false|true&#8221; scroll_vertical_motion=&#8221;0|50|50|100|1|0|-1&#8243; custom_css_main_element=&#8221;display: flex;||align-items:center;&#8221; border_radii=&#8221;off|50px|50px||&#8221; global_colors_info=&#8221;{%22gcid-f56ef94f-6c2a-4734-9e13-193fb546d888%22:%91%22background_color%22%93}&#8221; custom_css_main_element_last_edited=&#8221;on|tablet&#8221; custom_css_main_element_tablet=&#8221;display: flex;||flex-direction: column;&#8221; custom_css_main_element_phone=&#8221;display: flex;||flex-direction: column;&#8221;][et_pb_column type=&#8221;1_2&#8243; _builder_version=&#8221;4.23&#8243; _module_preset=&#8221;default&#8221; global_colors_info=&#8221;{}&#8221;][et_pb_text _builder_version=&#8221;4.24.2&#8243; _module_preset=&#8221;default&#8221; custom_margin=&#8221;||28px|||&#8221; global_colors_info=&#8221;{}&#8221;]<\/p>\n<h2>Op maat gemaakt meubilair om uw verkoopartikelen te verbeteren<\/h2>\n<p>[\/et_pb_text][et_pb_text _builder_version=&#8221;4.24.2&#8243; _module_preset=&#8221;default&#8221; max_width=&#8221;768px&#8221; custom_margin=&#8221;0px||40px||false|false&#8221; custom_padding=&#8221;||||false|false&#8221; animation_direction=&#8221;left&#8221; scroll_fade_enable=&#8221;on&#8221; scroll_fade=&#8221;0|40|60|100|0|100|100&#8243; global_colors_info=&#8221;{}&#8221;]<\/p>\n<p>De experts van Saycom adviseren je graag over de te kiezen meubels: model, ontwerp, kleuren, materialen, etc. Al onze meubels worden ontworpen met <strong>oog voor detail<\/strong>. We cre\u00ebren een <strong>omgeving die een ervaring, een sfeer cre\u00ebert en tegelijkertijd helpt om uw producten optimaal te presenteren.<\/strong><\/p>\n<p>Dit geldt voor alle soorten commercieel meubilair, zowel <strong>voor eenmalige als serieproducties<\/strong>:<\/p>\n<p>[\/et_pb_text][et_pb_text ul_item_indent=&#8221;14px&#8221; _builder_version=&#8221;4.24.2&#8243; _module_preset=&#8221;default&#8221; text_font=&#8221;Roboto-Bold||||||||&#8221; ul_line_height=&#8221;1.4em&#8221; global_colors_info=&#8221;{}&#8221;]<\/p>\n<ul>\n<li><span> <\/span><span>Verkoopbalies<\/span><\/li>\n<li><span> <\/span><span>Receptie<\/span><\/li>\n<li><span> <\/span><span>Kantoorruimte<\/span><\/li>\n<li><span> <\/span><span>Loungeruimte<\/span><\/li>\n<li><span> <\/span><span>Kitchenettes<\/span><\/li>\n<li><span> <\/span><span>Beeldschermen<\/span><\/li>\n<li><span> <\/span><span>Afvalscheidingssystemen<\/span><\/li>\n<\/ul>\n<p>[\/et_pb_text][\/et_pb_column][et_pb_column type=&#8221;1_2&#8243; _builder_version=&#8221;4.23&#8243; _module_preset=&#8221;default&#8221; global_colors_info=&#8221;{}&#8221;][et_pb_image src=&#8221;https:\/\/www.saycom.be\/wp-content\/uploads\/2023\/11\/Saycom-Mobilier_sur_mesure-comptoir_de_vente.jpg&#8221; title_text=&#8221;Saycom-Mobilier_sur_mesure-comptoir_de_vente&#8221; align=&#8221;center&#8221; _builder_version=&#8221;4.23.1&#8243; _module_preset=&#8221;default&#8221; max_height=&#8221;720px&#8221; custom_margin=&#8221;||50px|||&#8221; custom_margin_tablet=&#8221;||50px||false|false&#8221; custom_margin_phone=&#8221;||100px||false|false&#8221; custom_margin_last_edited=&#8221;on|phone&#8221; border_radii=&#8221;on|15px|15px|15px|15px&#8221; global_colors_info=&#8221;{}&#8221;][\/et_pb_image][\/et_pb_column][\/et_pb_row][\/et_pb_section][et_pb_section fb_built=&#8221;1&#8243; _builder_version=&#8221;4.23.4&#8243; _module_preset=&#8221;default&#8221; background_color=&#8221;gcid-6765a8f9-be90-4ab4-9fed-0cfcb9d46015&#8243; border_radii=&#8221;off|50px|50px||&#8221; global_colors_info=&#8221;{%22gcid-6765a8f9-be90-4ab4-9fed-0cfcb9d46015%22:%91%22background_color%22%93}&#8221;][et_pb_row _builder_version=&#8221;4.23.4&#8243; _module_preset=&#8221;default&#8221; global_colors_info=&#8221;{}&#8221;][et_pb_column type=&#8221;4_4&#8243; _builder_version=&#8221;4.23.4&#8243; _module_preset=&#8221;default&#8221; global_colors_info=&#8221;{}&#8221;][et_pb_text _builder_version=&#8221;4.24.2&#8243; _module_preset=&#8221;default&#8221; text_font=&#8221;Roboto-Bold||||||||&#8221; text_font_size=&#8221;2.8vw&#8221; text_line_height=&#8221;1.2em&#8221; text_orientation=&#8221;center&#8221; background_layout=&#8221;dark&#8221; custom_margin=&#8221;||48px|||&#8221; text_font_size_tablet=&#8221;6vw&#8221; text_font_size_phone=&#8221;8vw&#8221; text_font_size_last_edited=&#8221;on|tablet&#8221; global_colors_info=&#8221;{}&#8221;]<\/p>\n<p>Ons meubilair op maat in beeld<\/p>\n<p>[\/et_pb_text][dsm_image_carousel gallery_ids=&#8221;1387,1655,1570,1389,1568,1388,1390,1652,1406,1409,1659,1661&#8243; sizes=&#8221;et-pb-portfolio-module-image&#8221; show_lightbox=&#8221;on&#8221; show_lightbox_gallery=&#8221;on&#8221; arrow_color=&#8221;#FFFFFF&#8221; dots_active_color=&#8221;#FFFFFF&#8221; dots_inactive_color=&#8221;rgba(255,255,255,0.47)&#8221; slide_to_show_tablet=&#8221;2&#8243; slide_to_show_phone=&#8221;1&#8243; slide_to_show_last_edited=&#8221;on|phone&#8221; _builder_version=&#8221;4.24.0&#8243; _module_preset=&#8221;default&#8221; border_radii_image=&#8221;on|20px|20px|20px|20px&#8221; global_colors_info=&#8221;{}&#8221;][\/dsm_image_carousel][\/et_pb_column][\/et_pb_row][\/et_pb_section][et_pb_section fb_built=&#8221;1&#8243; custom_padding_last_edited=&#8221;on|phone&#8221; _builder_version=&#8221;4.23.1&#8243; _module_preset=&#8221;default&#8221; background_color=&#8221;#FFFFFF&#8221; custom_margin=&#8221;-50px||0px||false|false&#8221; custom_padding=&#8221;6vw||7vw||false|false&#8221; custom_padding_tablet=&#8221;8vw||8vw||false|false&#8221; custom_padding_phone=&#8221;13vw||13vw||false|false&#8221; scroll_vertical_motion=&#8221;0|50|50|100|1|0|-1&#8243; border_radii=&#8221;off|50px|50px||&#8221; locked=&#8221;off&#8221; global_colors_info=&#8221;{}&#8221;][et_pb_row _builder_version=&#8221;4.23.1&#8243; _module_preset=&#8221;default&#8221; background_enable_color=&#8221;off&#8221; custom_margin_tablet=&#8221;||50px||false|false&#8221; custom_margin_phone=&#8221;||60px||false|false&#8221; custom_margin_last_edited=&#8221;on|phone&#8221; custom_padding=&#8221;0vw|6vw|0vw|6vw|false|true&#8221; global_colors_info=&#8221;{%22gcid-f56ef94f-6c2a-4734-9e13-193fb546d888%22:%91%22background_color%22%93}&#8221;][et_pb_column type=&#8221;4_4&#8243; _builder_version=&#8221;4.23&#8243; _module_preset=&#8221;default&#8221; global_colors_info=&#8221;{}&#8221;][et_pb_text _builder_version=&#8221;4.24.2&#8243; _module_preset=&#8221;65bb0fb8-8707-4853-8642-f4a18a2628cd&#8221; text_font_size=&#8221;2vw&#8221; max_width=&#8221;1060px&#8221; custom_margin=&#8221;||40px||false|false&#8221; text_font_size_tablet=&#8221;3vw&#8221; text_font_size_phone=&#8221;25px&#8221; text_font_size_last_edited=&#8221;on|tablet&#8221; global_colors_info=&#8221;{}&#8221;]<\/p>\n<p>Ben je op zoek naar meubeloplossingen op maat voor je winkel of showroom?<\/p>\n<p><strong>Neem contact op met Saycom, uw vertrouwde partner<\/strong><\/p>\n<p>[\/et_pb_text][et_pb_button button_url=&#8221;@ET-DC@eyJkeW5hbWljIjp0cnVlLCJjb250ZW50IjoicG9zdF9saW5rX3VybF9wYWdlIiwic2V0dGluZ3MiOnsicG9zdF9pZCI6IjgwIn19@&#8221; button_text=&#8221;Neem contact op met ons!&#8221; button_alignment=&#8221;center&#8221; _builder_version=&#8221;4.24.2&#8243; _dynamic_attributes=&#8221;button_url&#8221; _module_preset=&#8221;default&#8221; global_colors_info=&#8221;{}&#8221;][\/et_pb_button][\/et_pb_column][\/et_pb_row][\/et_pb_section][et_pb_section fb_built=&#8221;1&#8243; custom_padding_last_edited=&#8221;on|tablet&#8221; module_id=&#8221;valeurs&#8221; _builder_version=&#8221;4.23.1&#8243; _module_preset=&#8221;default&#8221; background_color=&#8221;gcid-9e7dedbe-bb3d-40de-af19-9132d7925247&#8243; use_background_color_gradient=&#8221;on&#8221; background_color_gradient_stops=&#8221;rgba(25,25,25,0.66) 1%|rgba(25,25,25,0.31) 8%|rgba(43,148,208,0) 27%|rgba(41,196,169,0) 100%&#8221; background_color_gradient_overlays_image=&#8221;on&#8221; background_enable_image=&#8221;off&#8221; parallax=&#8221;on&#8221; custom_margin=&#8221;-50px||||false|true&#8221; custom_padding=&#8221;10vw|6vw|10vw|6vw|true|true&#8221; custom_padding_tablet=&#8221;8vw|6vw|18vw|6vw|false|true&#8221; custom_padding_phone=&#8221;60px|8vw|120px|8vw|false|true&#8221; custom_css_main_element=&#8221;position: relative;&#8221; border_radii=&#8221;off|50px|50px||&#8221; global_colors_info=&#8221;{%22gcid-9e7dedbe-bb3d-40de-af19-9132d7925247%22:%91%22background_color%22%93}&#8221;][et_pb_row _builder_version=&#8221;4.23.1&#8243; _module_preset=&#8221;default&#8221; max_width=&#8221;1400px&#8221; module_alignment=&#8221;right&#8221; custom_padding=&#8221;|6vw||0vw|false|false&#8221; custom_padding_phone=&#8221;|0vw||0vw|false|true&#8221; global_colors_info=&#8221;{}&#8221;][et_pb_column type=&#8221;4_4&#8243; _builder_version=&#8221;4.23&#8243; _module_preset=&#8221;default&#8221; global_colors_info=&#8221;{}&#8221;][et_pb_text module_class=&#8221;custom_card_value_title&#8221; _builder_version=&#8221;4.24.2&#8243; _module_preset=&#8221;ca580960-5ce1-4a80-81a7-e8c600e36973&#8243; text_font=&#8221;||||||||&#8221; text_font_size=&#8221;16px&#8221; link_text_color=&#8221;gcid-4eff1e34-a4c3-4af4-a308-68957beb2ad2&#8243; header_font=&#8221;||||||||&#8221; header_text_color=&#8221;gcid-02eea4c1-992a-4bff-aee2-539b98054199&#8243; header_font_size=&#8221;4vw&#8221; header_3_font=&#8221;Poppins-Bold||||||||&#8221; header_3_text_color=&#8221;gcid-02eea4c1-992a-4bff-aee2-539b98054199&#8243; header_4_font=&#8221;Poppins-Regular||||||||&#8221; header_5_font=&#8221;Poppins-Regular|600||on|||||&#8221; header_6_font=&#8221;Poppins-Regular|600||on|||||&#8221; background_layout=&#8221;dark&#8221; max_width=&#8221;1000px&#8221; module_alignment=&#8221;left&#8221; custom_margin=&#8221;||40px||false|false&#8221; header_font_size_tablet=&#8221;8.2vw&#8221; header_font_size_phone=&#8221;11.2vw&#8221; global_colors_info=&#8221;{%22gcid-02eea4c1-992a-4bff-aee2-539b98054199%22:%91%22header_text_color%22,%22header_3_text_color%22%93,%22gcid-4eff1e34-a4c3-4af4-a308-68957beb2ad2%22:%91%22link_text_color%22%93,%22gcid-30f0de99-d785-4d34-b085-f1138f531746%22:%91%22link_text_color__hover%22%93}&#8221; link_text_color__hover=&#8221;gcid-30f0de99-d785-4d34-b085-f1138f531746&#8243; link_text_color__hover_enabled=&#8221;on|hover&#8221;]<\/p>\n<h2>Saycom maakt van uw commerci\u00eble ruimte een uitzonderlijke plek<\/h2>\n<p>[\/et_pb_text][et_pb_text _builder_version=&#8221;4.24.2&#8243; _module_preset=&#8221;default&#8221; background_layout=&#8221;dark&#8221; max_width=&#8221;800px&#8221; custom_margin=&#8221;||31px|||&#8221;]<\/p>\n<p>De zichtbaarheid en uitstraling van uw verkoopwaar is de sleutel tot het stimuleren van uw klanten om tot aankoop over te gaan. Saycom realiseert <strong>commercieel meubilair van hoge kwaliteit <\/strong>dat naadloos aansluit bij de marketing rond uw point of sale.<\/p>\n<p>We brengen ze tot leven met alle kennis en ervaring die we hebben opgedaan tijdens de <strong>vele marketingprojecten die <\/strong>onze teams <strong>met succes hebben uitgevoerd.<\/strong><\/p>\n<p>[\/et_pb_text][\/et_pb_column][\/et_pb_row][et_pb_row column_structure=&#8221;1_2,1_2&#8243; make_equal=&#8221;on&#8221; _builder_version=&#8221;4.23.4&#8243; _module_preset=&#8221;default&#8221; background_color=&#8221;#FFFFFF&#8221; custom_padding=&#8221;50px|40px|10px|40px|false|true&#8221; custom_padding_phone=&#8221;|6vw||6vw|false|true&#8221; custom_css_main_element=&#8221;justify-content:center;&#8221; border_radii=&#8221;off|30px|30px||&#8221; locked=&#8221;off&#8221; global_colors_info=&#8221;{}&#8221;][et_pb_column type=&#8221;1_2&#8243; _builder_version=&#8221;4.23.4&#8243; _module_preset=&#8221;default&#8221; background_color=&#8221;gcid-ef1f5825-4884-4aa9-af8a-616678e59588&#8243; custom_padding=&#8221;25px|25px|25px|25px|true|true&#8221; custom_css_main_element=&#8221;max-width:33%;&#8221; border_radii=&#8221;on|20px|20px|20px|20px&#8221; global_colors_info=&#8221;{%22gcid-ef1f5825-4884-4aa9-af8a-616678e59588%22:%91%22background_color%22%93}&#8221; custom_css_main_element_last_edited=&#8221;on|tablet&#8221; custom_css_main_element_tablet=&#8221;max-width:inherit;&#8221; custom_css_main_element_phone=&#8221;max-width:inherit;&#8221;][et_pb_image src=&#8221;https:\/\/www.saycom.be\/wp-content\/uploads\/2023\/11\/Saycom-icons-valeurs-service_global.svg&#8221; title_text=&#8221;Saycom-icons-valeurs-service_global&#8221; _builder_version=&#8221;4.23.1&#8243; _module_preset=&#8221;default&#8221; max_width=&#8221;70px&#8221; global_colors_info=&#8221;{}&#8221;][\/et_pb_image][et_pb_text _builder_version=&#8221;4.24.2&#8243; _module_preset=&#8221;default&#8221; header_3_text_color=&#8221;gcid-9e7dedbe-bb3d-40de-af19-9132d7925247&#8243; header_4_text_color=&#8221;gcid-9e7dedbe-bb3d-40de-af19-9132d7925247&#8243; header_4_font_size=&#8221;22px&#8221; custom_margin=&#8221;-80px|||100px|false|false&#8221; custom_margin_tablet=&#8221;-80px|||100px|false|false&#8221; custom_margin_phone=&#8221;0px||10px|0px|false|false&#8221; custom_margin_last_edited=&#8221;on|phone&#8221; global_colors_info=&#8221;{%22gcid-9e7dedbe-bb3d-40de-af19-9132d7925247%22:%91%22header_4_text_color%22,%22header_3_text_color%22%93}&#8221;]<\/p>\n<h3>Wereldwijde service<\/h3>\n<p>[\/et_pb_text][et_pb_text _builder_version=&#8221;4.24.2&#8243; _module_preset=&#8221;default&#8221; header_3_text_color=&#8221;gcid-9e7dedbe-bb3d-40de-af19-9132d7925247&#8243; header_4_text_color=&#8221;gcid-9e7dedbe-bb3d-40de-af19-9132d7925247&#8243; header_4_font_size=&#8221;22px&#8221; custom_margin=&#8221;35px||||false|false&#8221; custom_margin_tablet=&#8221;0px||||false|false&#8221; custom_margin_phone=&#8221;0px||||false|false&#8221; custom_margin_last_edited=&#8221;on|tablet&#8221; global_colors_info=&#8221;{%22gcid-9e7dedbe-bb3d-40de-af19-9132d7925247%22:%91%22header_4_text_color%22,%22header_3_text_color%22%93}&#8221;]<\/p>\n<p>Ons team van experts staat garant voor een zorgeloze ervaring en begeleidt je bij elke stap, van ontwerp en tot productie en installatie.<\/p>\n<p>[\/et_pb_text][\/et_pb_column][et_pb_column type=&#8221;1_2&#8243; _builder_version=&#8221;4.23.4&#8243; _module_preset=&#8221;default&#8221; background_color=&#8221;gcid-ef1f5825-4884-4aa9-af8a-616678e59588&#8243; custom_padding=&#8221;25px|25px|25px|25px|true|true&#8221; custom_css_main_element=&#8221;max-width:33%;&#8221; border_radii=&#8221;on|20px|20px|20px|20px&#8221; global_colors_info=&#8221;{%22gcid-ef1f5825-4884-4aa9-af8a-616678e59588%22:%91%22background_color%22%93}&#8221; custom_css_main_element_last_edited=&#8221;on|tablet&#8221; custom_css_main_element_tablet=&#8221;max-width:inherit;&#8221; custom_css_main_element_phone=&#8221;max-width:inherit;&#8221;][et_pb_image src=&#8221;https:\/\/www.saycom.be\/wp-content\/uploads\/2023\/11\/Saycom-icons-valeurs-personnalisation.svg&#8221; title_text=&#8221;Saycom-icons-valeurs-personnalisation&#8221; _builder_version=&#8221;4.23.1&#8243; _module_preset=&#8221;default&#8221; max_width=&#8221;70px&#8221; global_colors_info=&#8221;{}&#8221;][\/et_pb_image][et_pb_text _builder_version=&#8221;4.24.2&#8243; _module_preset=&#8221;default&#8221; header_3_text_color=&#8221;gcid-9e7dedbe-bb3d-40de-af19-9132d7925247&#8243; header_4_text_color=&#8221;gcid-9e7dedbe-bb3d-40de-af19-9132d7925247&#8243; header_4_font_size=&#8221;22px&#8221; custom_margin=&#8221;-80px|||100px|false|false&#8221; custom_margin_tablet=&#8221;-80px|||100px|false|false&#8221; custom_margin_phone=&#8221;0px||10px|0px|false|false&#8221; custom_margin_last_edited=&#8221;on|phone&#8221; global_colors_info=&#8221;{%22gcid-9e7dedbe-bb3d-40de-af19-9132d7925247%22:%91%22header_4_text_color%22,%22header_3_text_color%22,%22header_4_text_color%22,%22header_3_text_color%22,%22header_4_text_color%22,%22header_3_text_color%22%93}&#8221;]<\/p>\n<h3>Op maat<\/h3>\n<p>[\/et_pb_text][et_pb_text _builder_version=&#8221;4.24.2&#8243; _module_preset=&#8221;default&#8221; header_3_text_color=&#8221;gcid-9e7dedbe-bb3d-40de-af19-9132d7925247&#8243; header_4_text_color=&#8221;gcid-9e7dedbe-bb3d-40de-af19-9132d7925247&#8243; header_4_font_size=&#8221;22px&#8221; custom_margin=&#8221;0px||||false|false&#8221; global_colors_info=&#8221;{%22gcid-9e7dedbe-bb3d-40de-af19-9132d7925247%22:%91%22header_4_text_color%22,%22header_3_text_color%22%93}&#8221;]<\/p>\n<p>Heb je een gezellige balie nodig, leggers op maat, een comfortabele lounge of een ander meubel? Saycom maakt het mogelijk. Ons team biedt op maat gemaakte meubeloplossingen die je merkidentiteit weerspiegelen en voldoen aan je marketingbehoeften.<\/p>\n<p>[\/et_pb_text][\/et_pb_column][\/et_pb_row][et_pb_row column_structure=&#8221;1_3,1_3,1_3&#8243; make_equal=&#8221;on&#8221; _builder_version=&#8221;4.23.1&#8243; _module_preset=&#8221;default&#8221; background_color=&#8221;#FFFFFF&#8221; custom_padding=&#8221;|40px|46px|40px|false|true&#8221; border_radii=&#8221;off|||30px|30px&#8221; locked=&#8221;off&#8221; global_colors_info=&#8221;{}&#8221;][et_pb_column type=&#8221;1_3&#8243; _builder_version=&#8221;4.23.1&#8243; _module_preset=&#8221;default&#8221; background_color=&#8221;gcid-ef1f5825-4884-4aa9-af8a-616678e59588&#8243; custom_padding=&#8221;25px|25px|25px|25px|true|true&#8221; border_radii=&#8221;on|20px|20px|20px|20px&#8221; global_colors_info=&#8221;{%22gcid-ef1f5825-4884-4aa9-af8a-616678e59588%22:%91%22background_color%22%93}&#8221;][et_pb_image src=&#8221;https:\/\/www.saycom.be\/wp-content\/uploads\/2023\/11\/Saycom-icons-valeurs-perennite.svg&#8221; title_text=&#8221;Saycom-icons-valeurs-perennite&#8221; _builder_version=&#8221;4.23.1&#8243; _module_preset=&#8221;default&#8221; max_width=&#8221;70px&#8221; global_colors_info=&#8221;{}&#8221;][\/et_pb_image][et_pb_text _builder_version=&#8221;4.24.2&#8243; _module_preset=&#8221;default&#8221; header_3_text_color=&#8221;gcid-9e7dedbe-bb3d-40de-af19-9132d7925247&#8243; header_4_text_color=&#8221;gcid-9e7dedbe-bb3d-40de-af19-9132d7925247&#8243; header_4_font_size=&#8221;22px&#8221; custom_margin=&#8221;-80px|||100px|false|false&#8221; custom_margin_tablet=&#8221;-80px|||100px|false|false&#8221; custom_margin_phone=&#8221;0px||10px|0px|false|false&#8221; custom_margin_last_edited=&#8221;on|phone&#8221; global_colors_info=&#8221;{%22gcid-9e7dedbe-bb3d-40de-af19-9132d7925247%22:%91%22header_4_text_color%22,%22header_3_text_color%22,%22header_4_text_color%22,%22header_3_text_color%22%93}&#8221;]<\/p>\n<h3>Duurzaamheid<\/h3>\n<p>[\/et_pb_text][et_pb_text _builder_version=&#8221;4.24.2&#8243; _module_preset=&#8221;default&#8221; header_3_text_color=&#8221;gcid-9e7dedbe-bb3d-40de-af19-9132d7925247&#8243; header_4_text_color=&#8221;gcid-9e7dedbe-bb3d-40de-af19-9132d7925247&#8243; header_4_font_size=&#8221;22px&#8221; custom_margin=&#8221;35px||||false|false&#8221; custom_margin_tablet=&#8221;0px||||false|false&#8221; custom_margin_phone=&#8221;0px||||false|false&#8221; custom_margin_last_edited=&#8221;on|tablet&#8221; custom_padding=&#8221;||||false|false&#8221; global_colors_info=&#8221;{%22gcid-9e7dedbe-bb3d-40de-af19-9132d7925247%22:%91%22header_4_text_color%22,%22header_3_text_color%22%93}&#8221;]<\/p>\n<p>Onze commerci\u00eble meubels zijn gemaakt van de beste en duurzame materialen &#8211; hout, metaal, plexiglas &#8211; om de levensduur van elk van onze creaties te garanderen.<\/p>\n<p>[\/et_pb_text][\/et_pb_column][et_pb_column type=&#8221;1_3&#8243; _builder_version=&#8221;4.23.1&#8243; _module_preset=&#8221;default&#8221; background_color=&#8221;gcid-ef1f5825-4884-4aa9-af8a-616678e59588&#8243; custom_padding=&#8221;25px|25px|25px|25px|true|true&#8221; border_radii=&#8221;on|20px|20px|20px|20px&#8221; global_colors_info=&#8221;{%22gcid-ef1f5825-4884-4aa9-af8a-616678e59588%22:%91%22background_color%22%93}&#8221;][et_pb_image src=&#8221;https:\/\/www.saycom.be\/wp-content\/uploads\/2023\/11\/Saycom-icons-valeurs-inventivite_technique.svg&#8221; title_text=&#8221;Saycom-icons-valeurs-inventivite_technique&#8221; _builder_version=&#8221;4.23.1&#8243; _module_preset=&#8221;default&#8221; max_width=&#8221;70px&#8221; custom_margin=&#8221;||5px|||&#8221; global_colors_info=&#8221;{}&#8221;][\/et_pb_image][et_pb_text _builder_version=&#8221;4.24.2&#8243; _module_preset=&#8221;default&#8221; header_3_text_color=&#8221;gcid-9e7dedbe-bb3d-40de-af19-9132d7925247&#8243; header_4_text_color=&#8221;gcid-9e7dedbe-bb3d-40de-af19-9132d7925247&#8243; header_4_font_size=&#8221;22px&#8221; custom_margin=&#8221;-80px||0px|100px|false|false&#8221; custom_margin_tablet=&#8221;-80px|||100px|false|false&#8221; custom_margin_phone=&#8221;0px||10px|0px|false|false&#8221; custom_margin_last_edited=&#8221;on|phone&#8221; global_colors_info=&#8221;{%22gcid-9e7dedbe-bb3d-40de-af19-9132d7925247%22:%91%22header_4_text_color%22,%22header_3_text_color%22,%22header_4_text_color%22,%22header_3_text_color%22%93}&#8221;]<\/p>\n<h3>Voortdurende innovatie<\/h3>\n<p>[\/et_pb_text][et_pb_text _builder_version=&#8221;4.24.2&#8243; _module_preset=&#8221;default&#8221; header_3_text_color=&#8221;gcid-9e7dedbe-bb3d-40de-af19-9132d7925247&#8243; header_4_text_color=&#8221;gcid-9e7dedbe-bb3d-40de-af19-9132d7925247&#8243; header_4_font_size=&#8221;22px&#8221; custom_margin=&#8221;29px||||false|false&#8221; custom_margin_tablet=&#8221;37px||||false|false&#8221; custom_margin_phone=&#8221;0px||||false|false&#8221; custom_margin_last_edited=&#8221;on|tablet&#8221; global_colors_info=&#8221;{%22gcid-9e7dedbe-bb3d-40de-af19-9132d7925247%22:%91%22header_4_text_color%22,%22header_3_text_color%22%93}&#8221;]<\/p>\n<p>Saycom is toonaangevend op het gebied van commercieel meubilair en biedt je de modernste oplossingen.<\/p>\n<p>[\/et_pb_text][\/et_pb_column][et_pb_column type=&#8221;1_3&#8243; _builder_version=&#8221;4.23.1&#8243; _module_preset=&#8221;default&#8221; background_color=&#8221;gcid-ef1f5825-4884-4aa9-af8a-616678e59588&#8243; custom_padding=&#8221;25px|25px|25px|25px|true|true&#8221; border_radii=&#8221;on|20px|20px|20px|20px&#8221; global_colors_info=&#8221;{%22gcid-ef1f5825-4884-4aa9-af8a-616678e59588%22:%91%22background_color%22%93}&#8221;][et_pb_image src=&#8221;https:\/\/www.saycom.be\/wp-content\/uploads\/2023\/11\/Saycom-icons-valeurs-engagement_environemental.svg&#8221; title_text=&#8221;Saycom-icons-valeurs-engagement_environemental&#8221; _builder_version=&#8221;4.23.1&#8243; _module_preset=&#8221;default&#8221; max_width=&#8221;70px&#8221; global_colors_info=&#8221;{}&#8221;][\/et_pb_image][et_pb_text _builder_version=&#8221;4.24.2&#8243; _module_preset=&#8221;default&#8221; header_3_text_color=&#8221;gcid-9e7dedbe-bb3d-40de-af19-9132d7925247&#8243; header_4_text_color=&#8221;gcid-9e7dedbe-bb3d-40de-af19-9132d7925247&#8243; header_4_font_size=&#8221;22px&#8221; custom_margin=&#8221;-80px|||100px|false|false&#8221; custom_margin_tablet=&#8221;-80px|||100px|false|false&#8221; custom_margin_phone=&#8221;0px||10px|0px|false|false&#8221; custom_margin_last_edited=&#8221;on|phone&#8221; global_colors_info=&#8221;{%22gcid-9e7dedbe-bb3d-40de-af19-9132d7925247%22:%91%22header_4_text_color%22,%22header_3_text_color%22,%22header_4_text_color%22,%22header_3_text_color%22%93}&#8221;]<\/p>\n<h3>Duurzaamheid<\/h3>\n<p>[\/et_pb_text][et_pb_text _builder_version=&#8221;4.24.2&#8243; _module_preset=&#8221;default&#8221; header_3_text_color=&#8221;gcid-9e7dedbe-bb3d-40de-af19-9132d7925247&#8243; header_4_text_color=&#8221;gcid-9e7dedbe-bb3d-40de-af19-9132d7925247&#8243; header_4_font_size=&#8221;22px&#8221; custom_margin=&#8221;35px||||false|false&#8221; custom_margin_tablet=&#8221;0px||||false|false&#8221; custom_margin_phone=&#8221;0px||||false|false&#8221; custom_margin_last_edited=&#8221;on|tablet&#8221; global_colors_info=&#8221;{%22gcid-9e7dedbe-bb3d-40de-af19-9132d7925247%22:%91%22header_4_text_color%22,%22header_3_text_color%22%93}&#8221;]<\/p>\n<p>We kiezen voor een &#8216;gezinsvriendelijke&#8217; benadering en leveren je meubels op maat die het milieu respecteren.<\/p>\n<p>[\/et_pb_text][\/et_pb_column][\/et_pb_row][et_pb_row _builder_version=&#8221;4.23.1&#8243; _module_preset=&#8221;default&#8221; background_color=&#8221;#FFFFFF&#8221; width_tablet=&#8221;100%&#8221; width_phone=&#8221;100%&#8221; width_last_edited=&#8221;on|phone&#8221; max_width=&#8221;768px&#8221; module_alignment=&#8221;center&#8221; custom_margin=&#8221;99px|auto||auto||&#8221; custom_margin_tablet=&#8221;||70px||false|false&#8221; custom_margin_phone=&#8221;|0px|90px|0px|false|true&#8221; custom_margin_last_edited=&#8221;on|tablet&#8221; custom_padding=&#8221;60px|60px|60px|60px|true|true&#8221; custom_padding_phone=&#8221;|30px||30px|false|true&#8221; border_radii=&#8221;on|30px|30px|30px|30px&#8221; global_colors_info=&#8221;{}&#8221;][et_pb_column type=&#8221;4_4&#8243; _builder_version=&#8221;4.23.1&#8243; _module_preset=&#8221;default&#8221; global_colors_info=&#8221;{}&#8221;][et_pb_text _builder_version=&#8221;4.24.2&#8243; _module_preset=&#8221;f129f48c-7180-4587-a549-e161e75bd9e5&#8243; text_orientation=&#8221;center&#8221; module_alignment=&#8221;center&#8221; global_colors_info=&#8221;{}&#8221;]<\/p>\n<p><strong>Uitzonderlijke kwaliteit, tijdige levering, onge\u00ebvenaarde flexibiliteit<\/strong> en <strong>bewezen expertise<\/strong> zijn de sterke punten van Saycom bij het realiseren van uw droommeubilair.<span><\/span><\/p>\n<p>[\/et_pb_text][et_pb_button button_url=&#8221;@ET-DC@eyJkeW5hbWljIjp0cnVlLCJjb250ZW50IjoicG9zdF9saW5rX3VybF9wYWdlIiwic2V0dGluZ3MiOnsicG9zdF9pZCI6IjgwIn19@&#8221; button_text=&#8221;Neem contact op met ons!&#8221; button_alignment=&#8221;center&#8221; _builder_version=&#8221;4.24.2&#8243; _dynamic_attributes=&#8221;button_url&#8221; _module_preset=&#8221;default&#8221; custom_margin=&#8221;40px||||false|false&#8221; global_colors_info=&#8221;{}&#8221;][\/et_pb_button][\/et_pb_column][\/et_pb_row][\/et_pb_section][et_pb_section fb_built=&#8221;1&#8243; _builder_version=&#8221;4.23.1&#8243; _module_preset=&#8221;default&#8221; background_color=&#8221;#FFFFFF&#8221; custom_margin=&#8221;-50px||||false|false&#8221; custom_padding=&#8221;7vw||0px||false|false&#8221; border_radii=&#8221;off|50px|50px||&#8221; global_colors_info=&#8221;{}&#8221;][et_pb_row _builder_version=&#8221;4.23.1&#8243; _module_preset=&#8221;default&#8221; custom_margin=&#8221;|auto|140px|auto|false|false&#8221; custom_margin_tablet=&#8221;|auto|140px|auto|false|false&#8221; custom_margin_phone=&#8221;|auto|90px|auto|false|false&#8221; custom_margin_last_edited=&#8221;on|phone&#8221; custom_padding=&#8221;|6vw||6vw|false|false&#8221; custom_padding_tablet=&#8221;|6vw|10px|6vw|false|true&#8221; global_colors_info=&#8221;{}&#8221;][et_pb_column type=&#8221;4_4&#8243; _builder_version=&#8221;4.23&#8243; _module_preset=&#8221;default&#8221; global_colors_info=&#8221;{}&#8221;][et_pb_text _builder_version=&#8221;4.25.1&#8243; _module_preset=&#8221;65bb0fb8-8707-4853-8642-f4a18a2628cd&#8221; max_width=&#8221;1200px&#8221; custom_margin=&#8221;||7px||false|false&#8221; scroll_horizontal_motion=&#8221;0|50|50|100|4|0|0&#8243; scroll_blur=&#8221;0|23|100|100|20px|0px|0px&#8221; hover_enabled=&#8221;0&#8243; global_colors_info=&#8221;{}&#8221; text_text_color=&#8221;#6B6B6B&#8221; sticky_enabled=&#8221;0&#8243;]<\/p>\n<p>Saycom blinkt uit in het cre\u00ebren van commercieel meubilair op maat dat uw producten op een creatieve en opvallende manier presenteert.<\/p>\n<p>[\/et_pb_text][\/et_pb_column][\/et_pb_row][\/et_pb_section]<\/p>\n","protected":false},"excerpt":{"rendered":"<p>Uw commercieel meubilair op maatKies toonbanken en meubilair op maat om je producten te presenteren op het verkooppunt of in je showroom! Net als je displays, helpt het winkelmeubilair om je koopwaar en je werk te laten zien, waardoor ze opgemerkt worden door je klanten. Of het nu gaat om een unieke verkoopbalie, een serie meubels of de complete inrichting van uw point of sale, Saycom onderscheidt zich door uw idee\u00ebn te realiseren!Welkom in de wereld van Saycom commercieel meubilair, waar elegantie en functionaliteit samengebracht worden om uitzonderlijke commerci\u00eble ruimtes te cre\u00ebren! \u00a0Op maat gemaakt meubilair om uw verkoopartikelen te verbeterenDe experts van Saycom adviseren je graag over de te kiezen meubels: model, ontwerp, kleuren, materialen, etc. Al onze meubels worden ontworpen met oog voor detail. We cre\u00ebren een omgeving die een ervaring, een sfeer cre\u00ebert en tegelijkertijd helpt om uw producten optimaal te presenteren. Dit geldt voor alle soorten commercieel meubilair, zowel voor eenmalige als serieproducties: Verkoopbalies Receptie Kantoorruimte Loungeruimte Kitchenettes Beeldschermen Afvalscheidingssystemen Ons meubilair op maat in beeld<div class=\"et_pb_module dsm_image_carousel dsm_image_carousel_0 dsm_image_carousel_arrow_outside dsm_image_carousel_arrow_mobile_outside \">\n\t\t\t\t\n\t\t\t\t\n\t\t\t\t\n\t\t\t\t\n\t\t\t\t\n\t\t\t\t\n\t\t\t\t<div class=\"et_pb_module_inner\">\n\t\t\t\t\t<div class=\"swiper-container dsm_image_carousel_container  dsm_image_carousel_carousel\" dir=\"ltr\"data-effect=\"default\"\n\t\t\tdata-slider-effect-shadows=\"false\"\n\t\t\tdata-slider-effect-coverflow-rotate=\"30\"\n\t\t\tdata-slider-effect-coverflow-depth=\"0\"\n\t\t\tdata-loop=\"true\"\n\t\t\tdata-slide-to-show=\"4\"\n\t\t\tdata-slide-to-show-tablet=\"2\"\n\t\t\tdata-slide-to-show-phone=\"1\"\n\t\t\tdata-slide-to-scroll=\"1\"\n\t\t\tdata-slide-to-scroll-tablet=\"1\"\n\t\t\tdata-slide-to-scroll-phone=\"1\"\n\t\t\tdata-space-between=\"15\"\n\t\t\tdata-space-between-tablet=\"15\"\n\t\t\tdata-space-between-phone=\"15\"\n\t\t\tdata-slide-row=\"1\"\n\t\t\tdata-centered-slides=\"false\"\n\t\t\tdata-speed=\"300\"\n\t\t\tdata-autoplay=\"true\"\n\t\t\tdata-autoplay-speed=\"3000\"\n\t\t\tdata-touch-move=\"true\"\n\t\t\tdata-grab=\"true\"\n\t\t\tdata-pause-on-hover=\"false\"\n\t\t\tdata-show-lightbox=\"true\"\n\t\t\tdata-lightbox-gallery=\"true\"\n\t\t\tdata-lightbox-caption=\"false\"\n\t\t\tdata-infinite-scrolling=\"false\"\n\t\t\tdata-slide-row-tablet=\"1\"\n\t\t\tdata-slide-row-phone=\"1\"\n\t\t\tdata-autoplay-viewport=80%\n\t\t\tdata-mousewheel=\"false\"\n\t\t\tdata-lazyload=\"false\"\n\t\t\tdata-type=\"carousel\"\n\t\t\tdata-slideshow-effect=\"default\"\n\t\t\tdata-slideshow-to-show=\"4\"\n\t\t\tdata-slideshow-to-show-tablet=\"4\"\n\t\t\tdata-slideshow-to-show-phone=\"\"\n\t\t\tdata-slider-orientation=\"horizontal\"\n\t\t\t\t\t\tdata-lightbox-title=\"false\"\n\n\t\t\t><div class=\"swiper-wrapper\"><div class=\"swiper-slide dsm_image_carousel_item\"><a class=\"dsm_image_carousel_lightbox\" href=\"https:\/\/www.saycom.be\/wp-content\/uploads\/2023\/11\/Saycom-Mobilier_sur_mesure-gallerie-1-510x382.jpg\" data-mfp-src=\"https:\/\/www.saycom.be\/wp-content\/uploads\/2023\/11\/Saycom-Mobilier_sur_mesure-gallerie-1.jpg\"><img loading=\"lazy\" decoding=\"async\" src=\"https:\/\/www.saycom.be\/wp-content\/uploads\/2023\/11\/Saycom-Mobilier_sur_mesure-gallerie-1-510x382.jpg\" alt=\"Mur d&#039;exposition d&#039;un showroom automobile avec des \u00e9chantillons de personnalisation des voitures\" title=\"Saycom-Mobilier_sur_mesure-gallerie-1\" width=\"510\" height=\"382\" data-dsm-image-description=\"\" srcset=\"https:\/\/www.saycom.be\/wp-content\/uploads\/2023\/11\/Saycom-Mobilier_sur_mesure-gallerie-1-510x382.jpg 510w, https:\/\/www.saycom.be\/wp-content\/uploads\/2023\/11\/Saycom-Mobilier_sur_mesure-gallerie-1-480x362.jpg 480w\" sizes=\"(min-width: 0px) and (max-width: 480px) 480px, (min-width: 481px) 510px, 100vw\" class=\" skip-lazy\" \/><\/a><\/div><div class=\"swiper-slide dsm_image_carousel_item\"><a class=\"dsm_image_carousel_lightbox\" href=\"https:\/\/www.saycom.be\/wp-content\/uploads\/2024\/02\/Saycom-Mobilier_sur_mesure-galerie-12-510x382.jpg\" data-mfp-src=\"https:\/\/www.saycom.be\/wp-content\/uploads\/2024\/02\/Saycom-Mobilier_sur_mesure-galerie-12.jpg\"><img loading=\"lazy\" decoding=\"async\" src=\"https:\/\/www.saycom.be\/wp-content\/uploads\/2024\/02\/Saycom-Mobilier_sur_mesure-galerie-12-510x382.jpg\" alt=\"Cadre g\u00e9ant sur mesure \u00e9clair\u00e9 de l&#039;int\u00e9rieur par des lumi\u00e8res LED rose-violet\" title=\"Saycom-Mobilier_sur_mesure-galerie-12\" width=\"510\" height=\"382\" data-dsm-image-description=\"\" srcset=\"https:\/\/www.saycom.be\/wp-content\/uploads\/2024\/02\/Saycom-Mobilier_sur_mesure-galerie-12-510x382.jpg 510w, https:\/\/www.saycom.be\/wp-content\/uploads\/2024\/02\/Saycom-Mobilier_sur_mesure-galerie-12-480x362.jpg 480w\" sizes=\"(min-width: 0px) and (max-width: 480px) 480px, (min-width: 481px) 510px, 100vw\" class=\" skip-lazy\" \/><\/a><\/div><div class=\"swiper-slide dsm_image_carousel_item\"><a class=\"dsm_image_carousel_lightbox\" href=\"https:\/\/www.saycom.be\/wp-content\/uploads\/2024\/01\/Saycom-Mobilier_sur_mesure-gallerie-9-510x382.jpg\" data-mfp-src=\"https:\/\/www.saycom.be\/wp-content\/uploads\/2024\/01\/Saycom-Mobilier_sur_mesure-gallerie-9.jpg\"><img loading=\"lazy\" decoding=\"async\" src=\"https:\/\/www.saycom.be\/wp-content\/uploads\/2024\/01\/Saycom-Mobilier_sur_mesure-gallerie-9-510x382.jpg\" alt=\"Mur d&#039;exposition d&#039;un showroom automobile avec des \u00e9chantillons de personnalisation des voitures\" title=\"Saycom-Mobilier_sur_mesure-gallerie-9\" width=\"510\" height=\"382\" data-dsm-image-description=\"\" srcset=\"https:\/\/www.saycom.be\/wp-content\/uploads\/2024\/01\/Saycom-Mobilier_sur_mesure-gallerie-9-510x382.jpg 510w, https:\/\/www.saycom.be\/wp-content\/uploads\/2024\/01\/Saycom-Mobilier_sur_mesure-gallerie-9-480x311.jpg 480w\" sizes=\"(min-width: 0px) and (max-width: 480px) 480px, (min-width: 481px) 510px, 100vw\" class=\" skip-lazy\" \/><\/a><\/div><div class=\"swiper-slide dsm_image_carousel_item\"><a class=\"dsm_image_carousel_lightbox\" href=\"https:\/\/www.saycom.be\/wp-content\/uploads\/2023\/11\/Saycom-Mobilier_sur_mesure-gallerie-3-510x382.jpg\" data-mfp-src=\"https:\/\/www.saycom.be\/wp-content\/uploads\/2023\/11\/Saycom-Mobilier_sur_mesure-gallerie-3.jpg\"><img loading=\"lazy\" decoding=\"async\" src=\"https:\/\/www.saycom.be\/wp-content\/uploads\/2023\/11\/Saycom-Mobilier_sur_mesure-gallerie-3-510x382.jpg\" alt=\"Comptoir\" title=\"Saycom-Mobilier_sur_mesure-gallerie-3\" width=\"510\" height=\"382\" data-dsm-image-description=\"\" srcset=\"https:\/\/www.saycom.be\/wp-content\/uploads\/2023\/11\/Saycom-Mobilier_sur_mesure-gallerie-3-510x382.jpg 510w, https:\/\/www.saycom.be\/wp-content\/uploads\/2023\/11\/Saycom-Mobilier_sur_mesure-gallerie-3-480x362.jpg 480w\" sizes=\"(min-width: 0px) and (max-width: 480px) 480px, (min-width: 481px) 510px, 100vw\" class=\" skip-lazy\" \/><\/a><\/div><div class=\"swiper-slide dsm_image_carousel_item\"><a class=\"dsm_image_carousel_lightbox\" href=\"https:\/\/www.saycom.be\/wp-content\/uploads\/2024\/01\/Saycom-Mobilier_sur_mesure-gallerie-7-510x382.jpg\" data-mfp-src=\"https:\/\/www.saycom.be\/wp-content\/uploads\/2024\/01\/Saycom-Mobilier_sur_mesure-gallerie-7.jpg\"><img loading=\"lazy\" decoding=\"async\" src=\"https:\/\/www.saycom.be\/wp-content\/uploads\/2024\/01\/Saycom-Mobilier_sur_mesure-gallerie-7-510x382.jpg\" alt=\"Meuble de rangement sur mesure avec un \u00e9cran signal\u00e9tique\" title=\"Saycom-Mobilier_sur_mesure-gallerie-7\" width=\"510\" height=\"382\" data-dsm-image-description=\"\" srcset=\"https:\/\/www.saycom.be\/wp-content\/uploads\/2024\/01\/Saycom-Mobilier_sur_mesure-gallerie-7-510x382.jpg 510w, https:\/\/www.saycom.be\/wp-content\/uploads\/2024\/01\/Saycom-Mobilier_sur_mesure-gallerie-7-480x583.jpg 480w\" sizes=\"(min-width: 0px) and (max-width: 480px) 480px, (min-width: 481px) 510px, 100vw\" class=\" skip-lazy\" \/><\/a><\/div><div class=\"swiper-slide dsm_image_carousel_item\"><a class=\"dsm_image_carousel_lightbox\" href=\"https:\/\/www.saycom.be\/wp-content\/uploads\/2023\/11\/Saycom-Mobilier_sur_mesure-gallerie-2-510x382.jpg\" data-mfp-src=\"https:\/\/www.saycom.be\/wp-content\/uploads\/2023\/11\/Saycom-Mobilier_sur_mesure-gallerie-2.jpg\"><img loading=\"lazy\" decoding=\"async\" src=\"https:\/\/www.saycom.be\/wp-content\/uploads\/2023\/11\/Saycom-Mobilier_sur_mesure-gallerie-2-510x382.jpg\" alt=\"Mobilier commercial sur mesure comportant un grand canap\u00e9 brun et des petites tables rondes\" title=\"Saycom-Mobilier_sur_mesure-gallerie-2\" width=\"510\" height=\"382\" data-dsm-image-description=\"\" srcset=\"https:\/\/www.saycom.be\/wp-content\/uploads\/2023\/11\/Saycom-Mobilier_sur_mesure-gallerie-2-510x382.jpg 510w, https:\/\/www.saycom.be\/wp-content\/uploads\/2023\/11\/Saycom-Mobilier_sur_mesure-gallerie-2-480x362.jpg 480w\" sizes=\"(min-width: 0px) and (max-width: 480px) 480px, (min-width: 481px) 510px, 100vw\" class=\" skip-lazy\" \/><\/a><\/div><div class=\"swiper-slide dsm_image_carousel_item\"><a class=\"dsm_image_carousel_lightbox\" href=\"https:\/\/www.saycom.be\/wp-content\/uploads\/2023\/11\/Saycom-Mobilier_sur_mesure-gallerie-4-510x382.jpg\" data-mfp-src=\"https:\/\/www.saycom.be\/wp-content\/uploads\/2023\/11\/Saycom-Mobilier_sur_mesure-gallerie-4.jpg\"><img loading=\"lazy\" decoding=\"async\" src=\"https:\/\/www.saycom.be\/wp-content\/uploads\/2023\/11\/Saycom-Mobilier_sur_mesure-gallerie-4-510x382.jpg\" alt=\"Comptoir sur mesure Bioderma avec un \u00e9clairage doux\" title=\"Saycom-Mobilier_sur_mesure-gallerie-4\" width=\"510\" height=\"382\" data-dsm-image-description=\"\" srcset=\"https:\/\/www.saycom.be\/wp-content\/uploads\/2023\/11\/Saycom-Mobilier_sur_mesure-gallerie-4-510x382.jpg 510w, https:\/\/www.saycom.be\/wp-content\/uploads\/2023\/11\/Saycom-Mobilier_sur_mesure-gallerie-4-480x636.jpg 480w\" sizes=\"(min-width: 0px) and (max-width: 480px) 480px, (min-width: 481px) 510px, 100vw\" class=\" skip-lazy\" \/><\/a><\/div><div class=\"swiper-slide dsm_image_carousel_item\"><a class=\"dsm_image_carousel_lightbox\" href=\"https:\/\/www.saycom.be\/wp-content\/uploads\/2024\/02\/Saycom-Mobilier_sur_mesure-galerie-10-510x382.jpg\" data-mfp-src=\"https:\/\/www.saycom.be\/wp-content\/uploads\/2024\/02\/Saycom-Mobilier_sur_mesure-galerie-10.jpg\"><img loading=\"lazy\" decoding=\"async\" src=\"https:\/\/www.saycom.be\/wp-content\/uploads\/2024\/02\/Saycom-Mobilier_sur_mesure-galerie-10-510x382.jpg\" alt=\"Comptoir d&#039;accueil en bois sur mesure avec l&#039;\u00e9clairage int\u00e9gr\u00e9 dans l&#039;espace d&#039;accueil AG\" title=\"Saycom-Mobilier_sur_mesure-galerie-10\" width=\"510\" height=\"382\" data-dsm-image-description=\"\" srcset=\"https:\/\/www.saycom.be\/wp-content\/uploads\/2024\/02\/Saycom-Mobilier_sur_mesure-galerie-10-510x382.jpg 510w, https:\/\/www.saycom.be\/wp-content\/uploads\/2024\/02\/Saycom-Mobilier_sur_mesure-galerie-10-480x362.jpg 480w\" sizes=\"(min-width: 0px) and (max-width: 480px) 480px, (min-width: 481px) 510px, 100vw\" class=\" skip-lazy\" \/><\/a><\/div><div class=\"swiper-slide dsm_image_carousel_item\"><a class=\"dsm_image_carousel_lightbox\" href=\"https:\/\/www.saycom.be\/wp-content\/uploads\/2023\/11\/Saycom-Amenagement_Point_de_Vente-gallerie-featured-510x382.jpg\" data-mfp-src=\"https:\/\/www.saycom.be\/wp-content\/uploads\/2023\/11\/Saycom-Amenagement_Point_de_Vente-gallerie-featured.jpg\"><img loading=\"lazy\" decoding=\"async\" src=\"https:\/\/www.saycom.be\/wp-content\/uploads\/2023\/11\/Saycom-Amenagement_Point_de_Vente-gallerie-featured-510x382.jpg\" alt=\"Am\u00e9nagement de l&#039;accueil de AG \" title=\"Saycom-Amenagement_Point_de_Vente-gallerie-featured\" width=\"510\" height=\"382\" data-dsm-image-description=\"\" srcset=\"https:\/\/www.saycom.be\/wp-content\/uploads\/2023\/11\/Saycom-Amenagement_Point_de_Vente-gallerie-featured-510x382.jpg 510w, https:\/\/www.saycom.be\/wp-content\/uploads\/2023\/11\/Saycom-Amenagement_Point_de_Vente-gallerie-featured-480x288.jpg 480w\" sizes=\"(min-width: 0px) and (max-width: 480px) 480px, (min-width: 481px) 510px, 100vw\" class=\" skip-lazy\" \/><\/a><\/div><div class=\"swiper-slide dsm_image_carousel_item\"><a class=\"dsm_image_carousel_lightbox\" href=\"https:\/\/www.saycom.be\/wp-content\/uploads\/2023\/11\/Saycom-Amenagement_Point_de_Vente-gallerie-3-510x382.jpg\" data-mfp-src=\"https:\/\/www.saycom.be\/wp-content\/uploads\/2023\/11\/Saycom-Amenagement_Point_de_Vente-gallerie-3.jpg\"><img loading=\"lazy\" decoding=\"async\" src=\"https:\/\/www.saycom.be\/wp-content\/uploads\/2023\/11\/Saycom-Amenagement_Point_de_Vente-gallerie-3-510x382.jpg\" alt=\"Gros plan sur le comptoir de r\u00e9ception d&#039;un \u00e9tablissement haut de gamme\" title=\"Saycom-Amenagement_Point_de_Vente-gallerie-3\" width=\"510\" height=\"382\" data-dsm-image-description=\"\" srcset=\"https:\/\/www.saycom.be\/wp-content\/uploads\/2023\/11\/Saycom-Amenagement_Point_de_Vente-gallerie-3-510x382.jpg 510w, https:\/\/www.saycom.be\/wp-content\/uploads\/2023\/11\/Saycom-Amenagement_Point_de_Vente-gallerie-3-480x362.jpg 480w\" sizes=\"(min-width: 0px) and (max-width: 480px) 480px, (min-width: 481px) 510px, 100vw\" class=\" skip-lazy\" \/><\/a><\/div><div class=\"swiper-slide dsm_image_carousel_item\"><a class=\"dsm_image_carousel_lightbox\" href=\"https:\/\/www.saycom.be\/wp-content\/uploads\/2024\/02\/Saycom-Mobilier_sur_mesure-gallerie-marcolini-510x382.jpg\" data-mfp-src=\"https:\/\/www.saycom.be\/wp-content\/uploads\/2024\/02\/Saycom-Mobilier_sur_mesure-gallerie-marcolini.jpg\"><img loading=\"lazy\" decoding=\"async\" src=\"https:\/\/www.saycom.be\/wp-content\/uploads\/2024\/02\/Saycom-Mobilier_sur_mesure-gallerie-marcolini-510x382.jpg\" alt=\"Un stand de vente promotionnel sur mesure pour &quot;Pierre Marcolini&quot;\" title=\"Saycom-Mobilier_sur_mesure-gallerie-marcolini\" width=\"510\" height=\"382\" data-dsm-image-description=\"\" srcset=\"https:\/\/www.saycom.be\/wp-content\/uploads\/2024\/02\/Saycom-Mobilier_sur_mesure-gallerie-marcolini-510x382.jpg 510w, https:\/\/www.saycom.be\/wp-content\/uploads\/2024\/02\/Saycom-Mobilier_sur_mesure-gallerie-marcolini-480x311.jpg 480w\" sizes=\"(min-width: 0px) and (max-width: 480px) 480px, (min-width: 481px) 510px, 100vw\" class=\" skip-lazy\" \/><\/a><\/div><div class=\"swiper-slide dsm_image_carousel_item\"><a class=\"dsm_image_carousel_lightbox\" href=\"https:\/\/www.saycom.be\/wp-content\/uploads\/2024\/02\/Saycom-Mobilier_sur_mesure-galerie-22-510x382.jpg\" data-mfp-src=\"https:\/\/www.saycom.be\/wp-content\/uploads\/2024\/02\/Saycom-Mobilier_sur_mesure-galerie-22.jpg\"><img loading=\"lazy\" decoding=\"async\" src=\"https:\/\/www.saycom.be\/wp-content\/uploads\/2024\/02\/Saycom-Mobilier_sur_mesure-galerie-22-510x382.jpg\" alt=\"Un espace priv\u00e9 sur mesure pour passer des appels t\u00e9l\u00e9phoniques avec des panneaux lat\u00e9raux en bois et un panneau arri\u00e8re rembourr\u00e9\" title=\"Saycom-Mobilier_sur_mesure-galerie-22\" width=\"510\" height=\"382\" data-dsm-image-description=\"\" srcset=\"https:\/\/www.saycom.be\/wp-content\/uploads\/2024\/02\/Saycom-Mobilier_sur_mesure-galerie-22-510x382.jpg 510w, https:\/\/www.saycom.be\/wp-content\/uploads\/2024\/02\/Saycom-Mobilier_sur_mesure-galerie-22-480x738.jpg 480w\" sizes=\"(min-width: 0px) and (max-width: 480px) 480px, (min-width: 481px) 510px, 100vw\" class=\" skip-lazy\" \/><\/a><\/div><\/div><\/div><div class=\"swiper-button-prev swiper-arrow-button\" data-icon=\"4\"><\/div><div class=\"swiper-button-next swiper-arrow-button\" data-icon=\"5\"><\/div><div class=\"swiper-pagination\"><\/div>\n\t\t\t\t<\/div>\n\t\t\t<\/div>Ben je op zoek naar meubeloplossingen op maat voor je winkel of showroom? Neem contact op met [&hellip;]<\/p>\n","protected":false},"author":2,"featured_media":0,"parent":0,"menu_order":90,"comment_status":"closed","ping_status":"closed","template":"","meta":{"_et_pb_use_builder":"on","_et_pb_old_content":"","_et_gb_content_width":"","inline_featured_image":false,"footnotes":""},"class_list":["post-2148","page","type-page","status-publish","hentry"],"yoast_head":"<!-- This site is optimized with the Yoast SEO plugin v27.5 - https:\/\/yoast.com\/product\/yoast-seo-wordpress\/ -->\n<title>Commercieel meubilair op maat voor uw verkooppunten<\/title>\n<meta name=\"description\" content=\"Ben je op zoek naar maatwerk balies en meubels voor je winkel of showroom? Neem dan met een gerust hart contact op met Saycom!\" \/>\n<meta name=\"robots\" content=\"index, follow, max-snippet:-1, max-image-preview:large, max-video-preview:-1\" \/>\n<link rel=\"canonical\" href=\"https:\/\/www.saycom.be\/nl\/meubels-op-maat\/\" \/>\n<meta property=\"og:locale\" content=\"nl_BE\" \/>\n<meta property=\"og:type\" content=\"article\" \/>\n<meta property=\"og:title\" content=\"Commercieel meubilair op maat voor uw verkooppunten\" \/>\n<meta property=\"og:description\" content=\"Ben je op zoek naar maatwerk balies en meubels voor je winkel of showroom? Neem dan met een gerust hart contact op met Saycom!\" \/>\n<meta property=\"og:url\" content=\"https:\/\/www.saycom.be\/nl\/meubels-op-maat\/\" \/>\n<meta property=\"og:site_name\" content=\"Saycom\" \/>\n<meta property=\"article:modified_time\" content=\"2024-06-03T14:27:49+00:00\" \/>\n<meta name=\"twitter:card\" content=\"summary_large_image\" \/>\n<meta name=\"twitter:label1\" content=\"Geschatte leestijd\" \/>\n\t<meta name=\"twitter:data1\" content=\"7 minuten\" \/>\n<script type=\"application\/ld+json\" class=\"yoast-schema-graph\">{\"@context\":\"https:\\\/\\\/schema.org\",\"@graph\":[{\"@type\":\"WebPage\",\"@id\":\"https:\\\/\\\/www.saycom.be\\\/nl\\\/meubels-op-maat\\\/\",\"url\":\"https:\\\/\\\/www.saycom.be\\\/nl\\\/meubels-op-maat\\\/\",\"name\":\"Commercieel meubilair op maat voor uw verkooppunten\",\"isPartOf\":{\"@id\":\"https:\\\/\\\/www.saycom.be\\\/nl\\\/#website\"},\"datePublished\":\"2023-10-24T08:42:16+00:00\",\"dateModified\":\"2024-06-03T14:27:49+00:00\",\"description\":\"Ben je op zoek naar maatwerk balies en meubels voor je winkel of showroom? Neem dan met een gerust hart contact op met Saycom!\",\"breadcrumb\":{\"@id\":\"https:\\\/\\\/www.saycom.be\\\/nl\\\/meubels-op-maat\\\/#breadcrumb\"},\"inLanguage\":\"nl-BE\",\"potentialAction\":[{\"@type\":\"ReadAction\",\"target\":[\"https:\\\/\\\/www.saycom.be\\\/nl\\\/meubels-op-maat\\\/\"]}]},{\"@type\":\"BreadcrumbList\",\"@id\":\"https:\\\/\\\/www.saycom.be\\\/nl\\\/meubels-op-maat\\\/#breadcrumb\",\"itemListElement\":[{\"@type\":\"ListItem\",\"position\":1,\"name\":\"Accueil\",\"item\":\"https:\\\/\\\/www.saycom.be\\\/nl\\\/\"},{\"@type\":\"ListItem\",\"position\":2,\"name\":\"Meubels op maat\"}]},{\"@type\":\"WebSite\",\"@id\":\"https:\\\/\\\/www.saycom.be\\\/nl\\\/#website\",\"url\":\"https:\\\/\\\/www.saycom.be\\\/nl\\\/\",\"name\":\"Saycom\",\"description\":\"\",\"potentialAction\":[{\"@type\":\"SearchAction\",\"target\":{\"@type\":\"EntryPoint\",\"urlTemplate\":\"https:\\\/\\\/www.saycom.be\\\/nl\\\/?s={search_term_string}\"},\"query-input\":{\"@type\":\"PropertyValueSpecification\",\"valueRequired\":true,\"valueName\":\"search_term_string\"}}],\"inLanguage\":\"nl-BE\"}]}<\/script>\n<!-- \/ Yoast SEO plugin. -->","yoast_head_json":{"title":"Commercieel meubilair op maat voor uw verkooppunten","description":"Ben je op zoek naar maatwerk balies en meubels voor je winkel of showroom? Neem dan met een gerust hart contact op met Saycom!","robots":{"index":"index","follow":"follow","max-snippet":"max-snippet:-1","max-image-preview":"max-image-preview:large","max-video-preview":"max-video-preview:-1"},"canonical":"https:\/\/www.saycom.be\/nl\/meubels-op-maat\/","og_locale":"nl_BE","og_type":"article","og_title":"Commercieel meubilair op maat voor uw verkooppunten","og_description":"Ben je op zoek naar maatwerk balies en meubels voor je winkel of showroom? Neem dan met een gerust hart contact op met Saycom!","og_url":"https:\/\/www.saycom.be\/nl\/meubels-op-maat\/","og_site_name":"Saycom","article_modified_time":"2024-06-03T14:27:49+00:00","twitter_card":"summary_large_image","twitter_misc":{"Geschatte leestijd":"7 minuten"},"schema":{"@context":"https:\/\/schema.org","@graph":[{"@type":"WebPage","@id":"https:\/\/www.saycom.be\/nl\/meubels-op-maat\/","url":"https:\/\/www.saycom.be\/nl\/meubels-op-maat\/","name":"Commercieel meubilair op maat voor uw verkooppunten","isPartOf":{"@id":"https:\/\/www.saycom.be\/nl\/#website"},"datePublished":"2023-10-24T08:42:16+00:00","dateModified":"2024-06-03T14:27:49+00:00","description":"Ben je op zoek naar maatwerk balies en meubels voor je winkel of showroom? Neem dan met een gerust hart contact op met Saycom!","breadcrumb":{"@id":"https:\/\/www.saycom.be\/nl\/meubels-op-maat\/#breadcrumb"},"inLanguage":"nl-BE","potentialAction":[{"@type":"ReadAction","target":["https:\/\/www.saycom.be\/nl\/meubels-op-maat\/"]}]},{"@type":"BreadcrumbList","@id":"https:\/\/www.saycom.be\/nl\/meubels-op-maat\/#breadcrumb","itemListElement":[{"@type":"ListItem","position":1,"name":"Accueil","item":"https:\/\/www.saycom.be\/nl\/"},{"@type":"ListItem","position":2,"name":"Meubels op maat"}]},{"@type":"WebSite","@id":"https:\/\/www.saycom.be\/nl\/#website","url":"https:\/\/www.saycom.be\/nl\/","name":"Saycom","description":"","potentialAction":[{"@type":"SearchAction","target":{"@type":"EntryPoint","urlTemplate":"https:\/\/www.saycom.be\/nl\/?s={search_term_string}"},"query-input":{"@type":"PropertyValueSpecification","valueRequired":true,"valueName":"search_term_string"}}],"inLanguage":"nl-BE"}]}},"_links":{"self":[{"href":"https:\/\/www.saycom.be\/nl\/wp-json\/wp\/v2\/pages\/2148","targetHints":{"allow":["GET"]}}],"collection":[{"href":"https:\/\/www.saycom.be\/nl\/wp-json\/wp\/v2\/pages"}],"about":[{"href":"https:\/\/www.saycom.be\/nl\/wp-json\/wp\/v2\/types\/page"}],"author":[{"embeddable":true,"href":"https:\/\/www.saycom.be\/nl\/wp-json\/wp\/v2\/users\/2"}],"replies":[{"embeddable":true,"href":"https:\/\/www.saycom.be\/nl\/wp-json\/wp\/v2\/comments?post=2148"}],"version-history":[{"count":5,"href":"https:\/\/www.saycom.be\/nl\/wp-json\/wp\/v2\/pages\/2148\/revisions"}],"predecessor-version":[{"id":2838,"href":"https:\/\/www.saycom.be\/nl\/wp-json\/wp\/v2\/pages\/2148\/revisions\/2838"}],"wp:attachment":[{"href":"https:\/\/www.saycom.be\/nl\/wp-json\/wp\/v2\/media?parent=2148"}],"curies":[{"name":"wp","href":"https:\/\/api.w.org\/{rel}","templated":true}]}}